{"id":51,"date":"2025-02-19T17:01:19","date_gmt":"2025-02-19T16:01:19","guid":{"rendered":"https:\/\/marchasolidaria.com\/?page_id=51"},"modified":"2025-02-20T02:36:08","modified_gmt":"2025-02-20T01:36:08","slug":"entorno","status":"publish","type":"page","link":"https:\/\/marchasolidaria.com\/index.php\/entorno\/","title":{"rendered":"ENTORNO"},"content":{"rendered":"\t\t<div data-elementor-type=\"wp-page\" data-elementor-id=\"51\" class=\"elementor elementor-51\" data-elementor-post-type=\"page\">\n\t\t\t\t<div class=\"elementor-element elementor-element-2bb5015 e-con-full e-flex e-con e-parent\" data-id=\"2bb5015\" data-element_type=\"container\" data-settings=\"{&quot;background_background&quot;:&quot;classic&quot;}\">\n\t\t\t\t<div class=\"elementor-element elementor-element-459d109 elementor-widget elementor-widget-heading\" data-id=\"459d109\" data-element_type=\"widget\" data-widget_type=\"heading.default\">\n\t\t\t\t<div class=\"elementor-widget-container\">\n\t\t\t\t\t<h2 class=\"elementor-heading-title elementor-size-default\">ENTORNO Y NATURALEZA<\/h2>\t\t\t\t<\/div>\n\t\t\t\t<\/div>\n\t\t\t\t<\/div>\n\t\t<div class=\"elementor-element elementor-element-3333a37 e-flex e-con-boxed e-con e-parent\" data-id=\"3333a37\" data-element_type=\"container\">\n\t\t\t\t\t<div class=\"e-con-inner\">\n\t\t\t\t<div class=\"elementor-element elementor-element-241e84b elementor-widget elementor-widget-spacer\" data-id=\"241e84b\" data-element_type=\"widget\" data-widget_type=\"spacer.default\">\n\t\t\t\t<div class=\"elementor-widget-container\">\n\t\t\t\t\t\t\t<div class=\"elementor-spacer\">\n\t\t\t<div class=\"elementor-spacer-inner\"><\/div>\n\t\t<\/div>\n\t\t\t\t\t\t<\/div>\n\t\t\t\t<\/div>\n\t\t\t\t<div class=\"elementor-element elementor-element-37b1043 elementor-widget elementor-widget-text-editor\" data-id=\"37b1043\" data-element_type=\"widget\" data-widget_type=\"text-editor.default\">\n\t\t\t\t<div class=\"elementor-widget-container\">\n\t\t\t\t\t\t\t\t\t<h2 data-start=\"98\" data-end=\"156\">Descubre el Monte Caballar: Naturaleza en Estado Puro<\/h2><p data-start=\"158\" data-end=\"562\">El Monte Caballar, situado en el coraz\u00f3n de Cantabria, es un enclave natural \u00fanico que ofrece paisajes espectaculares y una experiencia inolvidable para los amantes del senderismo y la naturaleza. Con una altitud de 667 metros, este monte se extiende entre los municipios de Villafufre y Santa Mar\u00eda de Cay\u00f3n, formando parte de un entorno privilegiado repleto de bosques, praderas y vistas panor\u00e1micas.<\/p><h3 data-start=\"564\" data-end=\"627\">Una Ruta con Encanto: Desde Sar\u00f3n hasta el Monte Caballar<\/h3><p data-start=\"629\" data-end=\"988\">Nuestra ruta comienza en el pintoresco pueblo de Sar\u00f3n, desde donde nos adentramos en un recorrido que nos llevar\u00e1 a descubrir la belleza del Monte Caballar. A medida que ascendemos, el paisaje va cambiando: los primeros kil\u00f3metros transcurren entre verdes praderas y senderos rodeados de robles y casta\u00f1os, ofreciendo sombra y frescura durante el trayecto.<\/p><p data-start=\"990\" data-end=\"1236\">Conforme ganamos altitud, el camino nos regala vistas impresionantes del valle del Pisue\u00f1a y de las monta\u00f1as que se extienden hasta la costa cant\u00e1brica. En los d\u00edas despejados, incluso es posible divisar la silueta de Santander en el horizonte.<\/p><p data-start=\"1238\" data-end=\"1504\">El tramo final nos conduce hasta la cima del Monte Caballar, un punto estrat\u00e9gico desde donde podemos admirar la belleza del paisaje pasiego. Es el lugar ideal para hacer una pausa, respirar aire puro y disfrutar de la tranquilidad que ofrece este entorno natural.<\/p><h3 data-start=\"1506\" data-end=\"1539\">Naturaleza y Vida Silvestre<\/h3><p data-start=\"1541\" data-end=\"1828\">El Monte Caballar es un refugio para la fauna y flora aut\u00f3ctonas. Durante la ruta, es com\u00fan avistar aves rapaces, corzos e incluso alg\u00fan jabal\u00ed en la lejan\u00eda. Los bosques de hayas y encinas crean un ecosistema rico y variado, proporcionando un h\u00e1bitat perfecto para numerosas especies.<\/p><h3 data-start=\"1830\" data-end=\"1884\">Un Plan Perfecto para los Amantes del Senderismo<\/h3><p data-start=\"1886\" data-end=\"2158\">Esta ruta, de dificultad moderada, es ideal para quienes buscan desconectar y sumergirse en la naturaleza. El recorrido combina tramos de ascenso suaves con senderos m\u00e1s exigentes, pero siempre recompensados con vistas inigualables y la satisfacci\u00f3n de alcanzar la cima.<\/p><p data-start=\"2160\" data-end=\"2337\">Si te gusta la naturaleza y descubrir rincones con historia y tradici\u00f3n, la ruta desde Sar\u00f3n hasta el Monte Caballar es una experiencia que no te puedes perder.<\/p>\t\t\t\t\t\t\t\t<\/div>\n\t\t\t\t<\/div>\n\t\t\t\t\t<\/div>\n\t\t\t\t<\/div>\n\t\t<div class=\"elementor-element elementor-element-9a39800 e-flex e-con-boxed e-con e-parent\" data-id=\"9a39800\" data-element_type=\"container\">\n\t\t\t\t\t<div class=\"e-con-inner\">\n\t\t\t\t<div class=\"elementor-element elementor-element-5a6028c elementor-widget elementor-widget-gallery\" data-id=\"5a6028c\" data-element_type=\"widget\" data-settings=\"{&quot;columns_mobile&quot;:2,&quot;lazyload&quot;:&quot;yes&quot;,&quot;gallery_layout&quot;:&quot;grid&quot;,&quot;columns&quot;:4,&quot;columns_tablet&quot;:2,&quot;gap&quot;:{&quot;unit&quot;:&quot;px&quot;,&quot;size&quot;:10,&quot;sizes&quot;:[]},&quot;gap_tablet&quot;:{&quot;unit&quot;:&quot;px&quot;,&quot;size&quot;:10,&quot;sizes&quot;:[]},&quot;gap_mobile&quot;:{&quot;unit&quot;:&quot;px&quot;,&quot;size&quot;:10,&quot;sizes&quot;:[]},&quot;link_to&quot;:&quot;file&quot;,&quot;aspect_ratio&quot;:&quot;3:2&quot;,&quot;overlay_background&quot;:&quot;yes&quot;,&quot;content_hover_animation&quot;:&quot;fade-in&quot;}\" data-widget_type=\"gallery.default\">\n\t\t\t\t<div class=\"elementor-widget-container\">\n\t\t\t\t\t\t\t<div class=\"elementor-gallery__container\">\n\t\t\t\t\t\t\t<a class=\"e-gallery-item elementor-gallery-item elementor-animated-content\" href=\"https:\/\/marchasolidaria.com\/wp-content\/uploads\/2025\/02\/banco_caballar.png\" data-elementor-open-lightbox=\"yes\" data-elementor-lightbox-slideshow=\"5a6028c\" data-elementor-lightbox-title=\"ENTORNO\" data-e-action-hash=\"#elementor-action%3Aaction%3Dlightbox%26settings%3DeyJpZCI6MTM0LCJ1cmwiOiJodHRwczpcL1wvbWFyY2hhc29saWRhcmlhLmNvbVwvd3AtY29udGVudFwvdXBsb2Fkc1wvMjAyNVwvMDJcL2JhbmNvX2NhYmFsbGFyLnBuZyIsInNsaWRlc2hvdyI6IjVhNjAyOGMifQ%3D%3D\">\n\t\t\t\t\t<div class=\"e-gallery-image elementor-gallery-item__image\" data-thumbnail=\"https:\/\/marchasolidaria.com\/wp-content\/uploads\/2025\/02\/banco_caballar-300x167.png\" data-width=\"300\" data-height=\"167\" aria-label=\"\" role=\"img\" ><\/div>\n\t\t\t\t\t\t\t\t\t\t\t<div class=\"elementor-gallery-item__overlay\"><\/div>\n\t\t\t\t\t\t\t\t\t\t\t\t\t\t<\/a>\n\t\t\t\t\t\t\t<a class=\"e-gallery-item elementor-gallery-item elementor-animated-content\" href=\"https:\/\/marchasolidaria.com\/wp-content\/uploads\/2025\/02\/g12.jpg\" data-elementor-open-lightbox=\"yes\" data-elementor-lightbox-slideshow=\"5a6028c\" data-elementor-lightbox-title=\"ENTORNO\" data-e-action-hash=\"#elementor-action%3Aaction%3Dlightbox%26settings%3DeyJpZCI6OTcsInVybCI6Imh0dHBzOlwvXC9tYXJjaGFzb2xpZGFyaWEuY29tXC93cC1jb250ZW50XC91cGxvYWRzXC8yMDI1XC8wMlwvZzEyLmpwZyIsInNsaWRlc2hvdyI6IjVhNjAyOGMifQ%3D%3D\">\n\t\t\t\t\t<div class=\"e-gallery-image elementor-gallery-item__image\" data-thumbnail=\"https:\/\/marchasolidaria.com\/wp-content\/uploads\/2025\/02\/g12-300x225.jpg\" data-width=\"300\" data-height=\"225\" aria-label=\"\" role=\"img\" ><\/div>\n\t\t\t\t\t\t\t\t\t\t\t<div class=\"elementor-gallery-item__overlay\"><\/div>\n\t\t\t\t\t\t\t\t\t\t\t\t\t\t<\/a>\n\t\t\t\t\t\t\t<a class=\"e-gallery-item elementor-gallery-item elementor-animated-content\" href=\"https:\/\/marchasolidaria.com\/wp-content\/uploads\/2025\/02\/g16.jpg\" data-elementor-open-lightbox=\"yes\" data-elementor-lightbox-slideshow=\"5a6028c\" data-elementor-lightbox-title=\"ENTORNO\" data-e-action-hash=\"#elementor-action%3Aaction%3Dlightbox%26settings%3DeyJpZCI6OTYsInVybCI6Imh0dHBzOlwvXC9tYXJjaGFzb2xpZGFyaWEuY29tXC93cC1jb250ZW50XC91cGxvYWRzXC8yMDI1XC8wMlwvZzE2LmpwZyIsInNsaWRlc2hvdyI6IjVhNjAyOGMifQ%3D%3D\">\n\t\t\t\t\t<div class=\"e-gallery-image elementor-gallery-item__image\" data-thumbnail=\"https:\/\/marchasolidaria.com\/wp-content\/uploads\/2025\/02\/g16-300x225.jpg\" data-width=\"300\" data-height=\"225\" aria-label=\"\" role=\"img\" ><\/div>\n\t\t\t\t\t\t\t\t\t\t\t<div class=\"elementor-gallery-item__overlay\"><\/div>\n\t\t\t\t\t\t\t\t\t\t\t\t\t\t<\/a>\n\t\t\t\t\t\t\t<a class=\"e-gallery-item elementor-gallery-item elementor-animated-content\" href=\"https:\/\/marchasolidaria.com\/wp-content\/uploads\/2025\/02\/g15.jpg\" data-elementor-open-lightbox=\"yes\" data-elementor-lightbox-slideshow=\"5a6028c\" data-elementor-lightbox-title=\"ENTORNO\" data-e-action-hash=\"#elementor-action%3Aaction%3Dlightbox%26settings%3DeyJpZCI6MTAxLCJ1cmwiOiJodHRwczpcL1wvbWFyY2hhc29saWRhcmlhLmNvbVwvd3AtY29udGVudFwvdXBsb2Fkc1wvMjAyNVwvMDJcL2cxNS5qcGciLCJzbGlkZXNob3ciOiI1YTYwMjhjIn0%3D\">\n\t\t\t\t\t<div class=\"e-gallery-image elementor-gallery-item__image\" data-thumbnail=\"https:\/\/marchasolidaria.com\/wp-content\/uploads\/2025\/02\/g15-300x225.jpg\" data-width=\"300\" data-height=\"225\" aria-label=\"\" role=\"img\" ><\/div>\n\t\t\t\t\t\t\t\t\t\t\t<div class=\"elementor-gallery-item__overlay\"><\/div>\n\t\t\t\t\t\t\t\t\t\t\t\t\t\t<\/a>\n\t\t\t\t\t\t\t<a class=\"e-gallery-item elementor-gallery-item elementor-animated-content\" href=\"https:\/\/marchasolidaria.com\/wp-content\/uploads\/2025\/02\/ENTORNO.jpg\" data-elementor-open-lightbox=\"yes\" data-elementor-lightbox-slideshow=\"5a6028c\" data-elementor-lightbox-title=\"ENTORNO\" data-e-action-hash=\"#elementor-action%3Aaction%3Dlightbox%26settings%3DeyJpZCI6MTQxLCJ1cmwiOiJodHRwczpcL1wvbWFyY2hhc29saWRhcmlhLmNvbVwvd3AtY29udGVudFwvdXBsb2Fkc1wvMjAyNVwvMDJcL0VOVE9STk8uanBnIiwic2xpZGVzaG93IjoiNWE2MDI4YyJ9\">\n\t\t\t\t\t<div class=\"e-gallery-image elementor-gallery-item__image\" data-thumbnail=\"https:\/\/marchasolidaria.com\/wp-content\/uploads\/2025\/02\/ENTORNO-200x300.jpg\" data-width=\"200\" data-height=\"300\" aria-label=\"\" role=\"img\" ><\/div>\n\t\t\t\t\t\t\t\t\t\t\t<div class=\"elementor-gallery-item__overlay\"><\/div>\n\t\t\t\t\t\t\t\t\t\t\t\t\t\t<\/a>\n\t\t\t\t\t\t\t<a class=\"e-gallery-item elementor-gallery-item elementor-animated-content\" href=\"https:\/\/marchasolidaria.com\/wp-content\/uploads\/2025\/02\/g55.jpg\" data-elementor-open-lightbox=\"yes\" data-elementor-lightbox-slideshow=\"5a6028c\" data-elementor-lightbox-title=\"ENTORNO\" data-e-action-hash=\"#elementor-action%3Aaction%3Dlightbox%26settings%3DeyJpZCI6MTQzLCJ1cmwiOiJodHRwczpcL1wvbWFyY2hhc29saWRhcmlhLmNvbVwvd3AtY29udGVudFwvdXBsb2Fkc1wvMjAyNVwvMDJcL2c1NS5qcGciLCJzbGlkZXNob3ciOiI1YTYwMjhjIn0%3D\">\n\t\t\t\t\t<div class=\"e-gallery-image elementor-gallery-item__image\" data-thumbnail=\"https:\/\/marchasolidaria.com\/wp-content\/uploads\/2025\/02\/g55-300x225.jpg\" data-width=\"300\" data-height=\"225\" aria-label=\"\" role=\"img\" ><\/div>\n\t\t\t\t\t\t\t\t\t\t\t<div class=\"elementor-gallery-item__overlay\"><\/div>\n\t\t\t\t\t\t\t\t\t\t\t\t\t\t<\/a>\n\t\t\t\t\t\t\t<a class=\"e-gallery-item elementor-gallery-item elementor-animated-content\" href=\"https:\/\/marchasolidaria.com\/wp-content\/uploads\/2025\/02\/inicio.jpg\" data-elementor-open-lightbox=\"yes\" data-elementor-lightbox-slideshow=\"5a6028c\" data-elementor-lightbox-title=\"ENTORNO\" data-e-action-hash=\"#elementor-action%3Aaction%3Dlightbox%26settings%3DeyJpZCI6MTQ0LCJ1cmwiOiJodHRwczpcL1wvbWFyY2hhc29saWRhcmlhLmNvbVwvd3AtY29udGVudFwvdXBsb2Fkc1wvMjAyNVwvMDJcL2luaWNpby5qcGciLCJzbGlkZXNob3ciOiI1YTYwMjhjIn0%3D\">\n\t\t\t\t\t<div class=\"e-gallery-image elementor-gallery-item__image\" data-thumbnail=\"https:\/\/marchasolidaria.com\/wp-content\/uploads\/2025\/02\/inicio-300x200.jpg\" data-width=\"300\" data-height=\"200\" aria-label=\"\" role=\"img\" ><\/div>\n\t\t\t\t\t\t\t\t\t\t\t<div class=\"elementor-gallery-item__overlay\"><\/div>\n\t\t\t\t\t\t\t\t\t\t\t\t\t\t<\/a>\n\t\t\t\t\t\t\t<a class=\"e-gallery-item elementor-gallery-item elementor-animated-content\" href=\"https:\/\/marchasolidaria.com\/wp-content\/uploads\/2025\/02\/57297816_2038694496427469_33235401829253120_n.jpg\" data-elementor-open-lightbox=\"yes\" data-elementor-lightbox-slideshow=\"5a6028c\" data-elementor-lightbox-title=\"ENTORNO\" data-e-action-hash=\"#elementor-action%3Aaction%3Dlightbox%26settings%3DeyJpZCI6MTQ4LCJ1cmwiOiJodHRwczpcL1wvbWFyY2hhc29saWRhcmlhLmNvbVwvd3AtY29udGVudFwvdXBsb2Fkc1wvMjAyNVwvMDJcLzU3Mjk3ODE2XzIwMzg2OTQ0OTY0Mjc0NjlfMzMyMzU0MDE4MjkyNTMxMjBfbi5qcGciLCJzbGlkZXNob3ciOiI1YTYwMjhjIn0%3D\">\n\t\t\t\t\t<div class=\"e-gallery-image elementor-gallery-item__image\" data-thumbnail=\"https:\/\/marchasolidaria.com\/wp-content\/uploads\/2025\/02\/57297816_2038694496427469_33235401829253120_n-300x200.jpg\" data-width=\"300\" data-height=\"200\" aria-label=\"\" role=\"img\" ><\/div>\n\t\t\t\t\t\t\t\t\t\t\t<div class=\"elementor-gallery-item__overlay\"><\/div>\n\t\t\t\t\t\t\t\t\t\t\t\t\t\t<\/a>\n\t\t\t\t\t\t\t<a class=\"e-gallery-item elementor-gallery-item elementor-animated-content\" href=\"https:\/\/marchasolidaria.com\/wp-content\/uploads\/2025\/02\/462043794_3422682754695296_2877045051479415454_n.jpg\" data-elementor-open-lightbox=\"yes\" data-elementor-lightbox-slideshow=\"5a6028c\" data-elementor-lightbox-title=\"ENTORNO\" data-e-action-hash=\"#elementor-action%3Aaction%3Dlightbox%26settings%3DeyJpZCI6MTUwLCJ1cmwiOiJodHRwczpcL1wvbWFyY2hhc29saWRhcmlhLmNvbVwvd3AtY29udGVudFwvdXBsb2Fkc1wvMjAyNVwvMDJcLzQ2MjA0Mzc5NF8zNDIyNjgyNzU0Njk1Mjk2XzI4NzcwNDUwNTE0Nzk0MTU0NTRfbi5qcGciLCJzbGlkZXNob3ciOiI1YTYwMjhjIn0%3D\">\n\t\t\t\t\t<div class=\"e-gallery-image elementor-gallery-item__image\" data-thumbnail=\"https:\/\/marchasolidaria.com\/wp-content\/uploads\/2025\/02\/462043794_3422682754695296_2877045051479415454_n-300x169.jpg\" data-width=\"300\" data-height=\"169\" aria-label=\"\" role=\"img\" ><\/div>\n\t\t\t\t\t\t\t\t\t\t\t<div class=\"elementor-gallery-item__overlay\"><\/div>\n\t\t\t\t\t\t\t\t\t\t\t\t\t\t<\/a>\n\t\t\t\t\t<\/div>\n\t\t\t\t\t<\/div>\n\t\t\t\t<\/div>\n\t\t\t\t\t<\/div>\n\t\t\t\t<\/div>\n\t\t\t\t<\/div>\n\t\t","protected":false},"excerpt":{"rendered":"<p>ENTORNO Y NATURALEZA Descubre el Monte Caballar: Naturaleza en Estado Puro El Monte Caballar, situado en el coraz\u00f3n de Cantabria, [&hellip;]<\/p>\n","protected":false},"author":1,"featured_media":0,"parent":0,"menu_order":0,"comment_status":"closed","ping_status":"closed","template":"","meta":{"site-sidebar-layout":"no-sidebar","site-content-layout":"","ast-site-content-layout":"full-width-container","site-content-style":"default","site-sidebar-style":"default","ast-global-header-display":"","ast-banner-title-visibility":"","ast-main-header-display":"","ast-hfb-above-header-display":"","ast-hfb-below-header-display":"","ast-hfb-mobile-header-display":"","site-post-title":"disabled","ast-breadcrumbs-content":"","ast-featured-img":"disabled","footer-sml-layout":"","theme-transparent-header-meta":"","adv-header-id-meta":"","stick-header-meta":"","header-above-stick-meta":"","header-main-stick-meta":"","header-below-stick-meta":"","astra-migrate-meta-layouts":"default","ast-page-background-enabled":"default","ast-page-background-meta":{"desktop":{"background-color":"var(--ast-global-color-5)","background-image":"","background-repeat":"repeat","background-position":"center center","background-size":"auto","background-attachment":"scroll","background-type":"","background-media":"","overlay-type":"","overlay-color":"","overlay-opacity":"","overlay-gradient":""},"tablet":{"background-color":"","background-image":"","background-repeat":"repeat","background-position":"center center","background-size":"auto","background-attachment":"scroll","background-type":"","background-media":"","overlay-type":"","overlay-color":"","overlay-opacity":"","overlay-gradient":""},"mobile":{"background-color":"","background-image":"","background-repeat":"repeat","background-position":"center center","background-size":"auto","background-attachment":"scroll","background-type":"","background-media":"","overlay-type":"","overlay-color":"","overlay-opacity":"","overlay-gradient":""}},"ast-content-background-meta":{"desktop":{"background-color":"var(--ast-global-color-4)","background-image":"","background-repeat":"repeat","background-position":"center center","background-size":"auto","background-attachment":"scroll","background-type":"","background-media":"","overlay-type":"","overlay-color":"","overlay-opacity":"","overlay-gradient":""},"tablet":{"background-color":"var(--ast-global-color-4)","background-image":"","background-repeat":"repeat","background-position":"center center","background-size":"auto","background-attachment":"scroll","background-type":"","background-media":"","overlay-type":"","overlay-color":"","overlay-opacity":"","overlay-gradient":""},"mobile":{"background-color":"var(--ast-global-color-4)","background-image":"","background-repeat":"repeat","background-position":"center center","background-size":"auto","background-attachment":"scroll","background-type":"","background-media":"","overlay-type":"","overlay-color":"","overlay-opacity":"","overlay-gradient":""}},"footnotes":""},"class_list":["post-51","page","type-page","status-publish","hentry"],"_links":{"self":[{"href":"https:\/\/marchasolidaria.com\/index.php\/wp-json\/wp\/v2\/pages\/51","targetHints":{"allow":["GET"]}}],"collection":[{"href":"https:\/\/marchasolidaria.com\/index.php\/wp-json\/wp\/v2\/pages"}],"about":[{"href":"https:\/\/marchasolidaria.com\/index.php\/wp-json\/wp\/v2\/types\/page"}],"author":[{"embeddable":true,"href":"https:\/\/marchasolidaria.com\/index.php\/wp-json\/wp\/v2\/users\/1"}],"replies":[{"embeddable":true,"href":"https:\/\/marchasolidaria.com\/index.php\/wp-json\/wp\/v2\/comments?post=51"}],"version-history":[{"count":16,"href":"https:\/\/marchasolidaria.com\/index.php\/wp-json\/wp\/v2\/pages\/51\/revisions"}],"predecessor-version":[{"id":175,"href":"https:\/\/marchasolidaria.com\/index.php\/wp-json\/wp\/v2\/pages\/51\/revisions\/175"}],"wp:attachment":[{"href":"https:\/\/marchasolidaria.com\/index.php\/wp-json\/wp\/v2\/media?parent=51"}],"curies":[{"name":"wp","href":"https:\/\/api.w.org\/{rel}","templated":true}]}}